{"id":478,"date":"2014-06-26T16:06:18","date_gmt":"2014-06-26T16:06:18","guid":{"rendered":"http:\/\/codestarlive.com\/themes\/routewp\/?page_id=478"},"modified":"2020-11-17T13:48:13","modified_gmt":"2020-11-17T12:48:13","slug":"assoziierte-partner","status":"publish","type":"page","link":"https:\/\/www.participation4-0.eu\/fr\/project\/assoziierte-partner\/","title":{"rendered":"Partenaires associ\u00e9s"},"content":{"rendered":"<section class=\"cs-section text-center\" style=\" background-color: #1f428c;\"><div class=\"container\"><div class=\"row\"><div class=\"col-md-12\"><div class=\"cs-column-inner\"><div class=\"cs-column-text cs-animation fadeIn text-center\"><h3 class=\"cs-text-white\">Nous remercions tous nos partenaires associ\u00e9s pour leur soutien et leur engagement dans le projet! Ainsi que tous les autres partenaires qui nous ont accompagn\u00e9 tout au long du projet pour faciliter la recherche d&#8217;emploi des frontaliers en situation de handicap.<\/h3>\n<\/div><div class=\"cs-column-text cs-animation fadeIn text-center\"><p class=\"cs-text-white\">Si vous souhaitez rejoindre le projet, n&rsquo;h\u00e9sitez pas \u00e0 prendre contact avec nous!<\/p>\n<\/div><a href=\"https:\/\/www.participation4-0.eu\/fr\/contact-us-basic\/\" class=\"cs-btn cs-btn-outlined cs-btn-rounded cs-btn-outlined-white cs-btn-lg cs-btn-custom-69f2a14c54d40 cs-animation fadeIn\" title=\"https:\/\/www.participation4-0.eu\/fr\/contact-us-basic\/\">Contact<\/a><\/div><\/div><\/div><\/div><\/section><section class=\"cs-section lg-padding\"><div class=\"container\"><div class=\"row\"><div class=\"col-md-4 hidden-xs cs-animation fadeInLeft\"><div class=\"cs-column-inner\"><div class=\"cs-column-text\"><p><img loading=\"lazy\" decoding=\"async\" class=\"size-full wp-image-5106\" title=\"Participation 4.0 - Logo CAP EMPLOI\" src=\"https:\/\/www.participation4-0.eu\/wp-content\/uploads\/2020\/05\/CAP-EMPLOI-NEW.jpg\" alt=\"Participation 4.0 - Logo CAP EMPLOI\" width=\"386\" height=\"208\" srcset=\"https:\/\/www.participation4-0.eu\/wp-content\/uploads\/2020\/05\/CAP-EMPLOI-NEW.jpg 386w, https:\/\/www.participation4-0.eu\/wp-content\/uploads\/2020\/05\/CAP-EMPLOI-NEW-300x162.jpg 300w\" sizes=\"auto, (max-width: 386px) 100vw, 386px\" \/><\/p>\n<\/div><div class=\"cs-column-text\"><\/div><\/div><\/div><div class=\"col-md-8 cs-animation fadeInRight\"><div class=\"cs-column-inner\">[vc_custom_heading text=\u00a0\u00bbCAP EMPLOI\u00a0\u00bb font_container=\u00a0\u00bbtag:h2|text_align:left|color:%23000000&Prime; use_theme_fonts=\u00a0\u00bbyes\u00a0\u00bb css=\u00a0\u00bb.vc_custom_1592838111211{padding-top: 15px !important;padding-right: 10px !important;padding-bottom: 15px !important;padding-left: 10px !important;}\u00a0\u00bb][vc_separator color=\u00a0\u00bbcustom\u00a0\u00bb accent_color=\u00a0\u00bb#1f428c\u00a0\u00bb][vc_empty_space height=\u00a0\u00bb5px\u00a0\u00bb]<div class=\"cs-column-text\"><div class=\"prefooter\">\n<div class=\"region region-pre-footer\">\n<div id=\"block-agefiphtextprefooter\" class=\"block block-agefiph-common block-agefiph-common-text-prefooter\">Cap Emploi 67-68 est un partenaire incontournable du projet Participation\u00a0 4.0. C&rsquo;est un <strong>organisme de placement sp\u00e9cialis\u00e9 (OPS)<\/strong> exer\u00e7ant une mission de service public, qui est en charge de la pr\u00e9paration, de l\u2019accompagnement, du suivi durable et du maintien dans l\u2019emploi des personnes handicap\u00e9es.<\/div>\n<\/div>\n<\/div>\n<\/div>[vc_empty_space height=\u00a0\u00bb30px\u00a0\u00bb]<div class=\"cs-fancybox cs-fancybox-custom cs-fancybox-bgcolor cs-fancybox-tl cs-fancybox-md\" style=\"background-color:#ededed;text-left\"><div class=\"cs-in fa fa-home cs-icon cs-icon-custom cs-icon-bgcolor cs-icon-square cs-icon-md\" style=\"color:#ffffff;background-color:#1f428c;border-color:#ffffff;\"><\/div><div class=\"cs-fancybox-text\"><h3 style=\"text-align: left; margin-bottom: 10px;\">Contact<\/h3>\n<p style=\"text-align: left;\">CAP EMPLOI<\/p>\n<p style=\"text-align: left;\"><span class=\"locality\">Site de Strasbourg<br \/>\nB\u00e2timent B \u20132\u00e8me \u00e9tage- 9 rue du Verdon<br \/>\n67100 STRASBOURG<\/span><\/p>\n<p style=\"text-align: left;\"><a style=\"text-align: left;\" href=\"https:\/\/capemploi68-67.com\/fr\/152285003922439-accueil-.html\" target=\"_blank\" rel=\"noopener noreferrer\">En savoir plus<\/a><\/p>\n<\/div><\/div><\/div><\/div><\/div><\/div><\/section><section class=\"cs-section lg-padding\"><div class=\"container\"><div class=\"row\"><div class=\"col-md-4 hidden-xs cs-animation fadeInLeft\"><div class=\"cs-column-inner\"><div class=\"cs-column-text\"><p><img loading=\"lazy\" decoding=\"async\" class=\"alignleft size-full wp-image-5620\" src=\"https:\/\/www.participation4-0.eu\/wp-content\/uploads\/2020\/06\/AGEFIPH_LOGO_rvb.jpg\" alt=\"\" width=\"1121\" height=\"351\" srcset=\"https:\/\/www.participation4-0.eu\/wp-content\/uploads\/2020\/06\/AGEFIPH_LOGO_rvb.jpg 1121w, https:\/\/www.participation4-0.eu\/wp-content\/uploads\/2020\/06\/AGEFIPH_LOGO_rvb-300x94.jpg 300w, https:\/\/www.participation4-0.eu\/wp-content\/uploads\/2020\/06\/AGEFIPH_LOGO_rvb-1024x321.jpg 1024w, https:\/\/www.participation4-0.eu\/wp-content\/uploads\/2020\/06\/AGEFIPH_LOGO_rvb-768x240.jpg 768w\" sizes=\"auto, (max-width: 1121px) 100vw, 1121px\" \/><\/p>\n<\/div><\/div><\/div><div class=\"col-md-8 cs-animation fadeInRight\"><div class=\"cs-column-inner\">[vc_custom_heading text=\u00a0\u00bbAGEFIPH\u00a0\u00bb font_container=\u00a0\u00bbtag:h2|text_align:left|color:%23000000&Prime; use_theme_fonts=\u00a0\u00bbyes\u00a0\u00bb css=\u00a0\u00bb.vc_custom_1592837490583{padding-top: 15px !important;padding-right: 10px !important;padding-bottom: 15px !important;padding-left: 10px !important;}\u00a0\u00bb][vc_separator color=\u00a0\u00bbcustom\u00a0\u00bb accent_color=\u00a0\u00bb#1f428c\u00a0\u00bb][vc_empty_space height=\u00a0\u00bb5px\u00a0\u00bb]<div class=\"cs-column-text\"><p>L&rsquo;AGEFIPH (L\u2019Association de Gestion du Fonds pour l\u2019Insertion Professionnelle des Personnes Handicap\u00e9es) est charg\u00e9e de soutenir le d\u00e9veloppement de l&#8217;emploi des personnes handicap\u00e9es. Pour cela, elle propose des services et aides financi\u00e8res pour les entreprises et les personnes.<\/p>\n<\/div>[vc_empty_space height=\u00a0\u00bb30px\u00a0\u00bb]<div class=\"cs-fancybox cs-fancybox-custom cs-fancybox-bgcolor cs-fancybox-tl cs-fancybox-md\" style=\"background-color:#ededed;text-left\"><div class=\"cs-in fa fa-home cs-icon cs-icon-custom cs-icon-bgcolor cs-icon-square cs-icon-md\" style=\"color:#ffffff;background-color:#1f428c;border-color:#ffffff;\"><\/div><div class=\"cs-fancybox-text\"><h3 style=\"text-align: left; margin-bottom: 10px;\">Contact<\/h3>\n<p style=\"text-align: left;\">AGEFIPH GRAND EST<\/p>\n<p style=\"text-align: left;\"><em>Antenne de Nancy<\/em>: <span class=\"address-line1\">Immeuble Joffre Saint Thiebault 13-15 Boulevard Joffre<\/span><br \/>\n<span class=\"postal-code\">54063<\/span> <span class=\"locality\">Nancy<\/span><\/p>\n<p style=\"text-align: left;\"><em>Antenne de Reims:<\/em> <span class=\"address-line1\">Immeuble Le Roosevelt &#8211; 2\u00e8me \u00e9tage &#8211; <\/span><span class=\"address-line2\">5, rue du Pr\u00e9sident Franklin Roosevelt <\/span><span class=\"postal-code\">51100<\/span> <span class=\"locality\">Reims<\/span><\/p>\n<p style=\"text-align: left;\"><a style=\"text-align: left;\" href=\"https:\/\/www.agefiph.fr\/\" target=\"_blank\" rel=\"noopener noreferrer\">En savoir plus<\/a><\/p>\n<\/div><\/div><\/div><\/div><\/div><\/div><\/section><section class=\"cs-section lg-padding\"><div class=\"container\"><div class=\"row\"><div class=\"col-md-4 hidden-xs cs-animation fadeInLeft\"><div class=\"cs-column-inner\"><div class=\"cs-column-text\"><p><img loading=\"lazy\" decoding=\"async\" class=\"alignleft size-full wp-image-5623\" src=\"https:\/\/www.participation4-0.eu\/wp-content\/uploads\/2020\/06\/logo_mobilex.jpg\" alt=\"\" width=\"461\" height=\"70\" srcset=\"https:\/\/www.participation4-0.eu\/wp-content\/uploads\/2020\/06\/logo_mobilex.jpg 461w, https:\/\/www.participation4-0.eu\/wp-content\/uploads\/2020\/06\/logo_mobilex-300x46.jpg 300w\" sizes=\"auto, (max-width: 461px) 100vw, 461px\" \/><\/p>\n<\/div><\/div><\/div><div class=\"col-md-8 cs-animation fadeInRight\"><div class=\"cs-column-inner\">[vc_custom_heading text=\u00a0\u00bbMOBILEX\u00a0\u00bb font_container=\u00a0\u00bbtag:h2|text_align:left|color:%23000000&Prime; use_theme_fonts=\u00a0\u00bbyes\u00a0\u00bb css=\u00a0\u00bb.vc_custom_1591191462053{padding-top: 15px !important;padding-right: 10px !important;padding-bottom: 15px !important;padding-left: 10px !important;}\u00a0\u00bb][vc_separator color=\u00a0\u00bbcustom\u00a0\u00bb accent_color=\u00a0\u00bb#1f428c\u00a0\u00bb][vc_empty_space height=\u00a0\u00bb5px\u00a0\u00bb]<div class=\"cs-column-text\"><p>L\u2019association Mobilex propose des solutions de d\u00e9placement aux personnes pour qui la non mobilit\u00e9 est un frein \u00e0 l\u2019insertion professionnelle.<\/p>\n<p>L\u2019absence de moyens de locomotion, la m\u00e9connaissance de l\u2019organisation des transports collectifs ou une fragilit\u00e9 financi\u00e8re sont autant d\u2019obstacles pour la recherche ou le maintien d\u2019un emploi, de stage, ou de formation.<\/p>\n<\/div>[vc_empty_space height=\u00a0\u00bb30px\u00a0\u00bb]<div class=\"cs-fancybox cs-fancybox-custom cs-fancybox-bgcolor cs-fancybox-tl cs-fancybox-md\" style=\"background-color:#ededed;text-left\"><div class=\"cs-in fa fa-home cs-icon cs-icon-custom cs-icon-bgcolor cs-icon-square cs-icon-md\" style=\"color:#ffffff;background-color:#1f428c;border-color:#ffffff;\"><\/div><div class=\"cs-fancybox-text\"><h3 style=\"text-align: left;\">Contact<\/h3>\n<p style=\"text-align: left;\">MOBILEX<\/p>\n<p style=\"text-align: left;\">P.A Les Couturiers &#8211; BP 10061<\/p>\n<p style=\"text-align: left;\">67242 BISCHWILLER<\/p>\n<p style=\"text-align: left;\"><a style=\"text-align: left;\" href=\"https:\/\/www.asso-mobilex.org\/fr\/articles.php\" target=\"_blank\" rel=\"noopener noreferrer\">En savoir plus<\/a><\/p>\n<\/div><\/div><\/div><\/div><\/div><\/div><\/section><section class=\"cs-section lg-padding\"><div class=\"container\"><div class=\"row\"><div class=\"col-md-4 hidden-xs cs-animation fadeInLeft\"><div class=\"cs-column-inner\"><div class=\"cs-column-text\"><p><img loading=\"lazy\" decoding=\"async\" class=\"alignleft size-full wp-image-5626\" src=\"https:\/\/www.participation4-0.eu\/wp-content\/uploads\/2020\/06\/B4COM.png\" alt=\"\" width=\"775\" height=\"268\" srcset=\"https:\/\/www.participation4-0.eu\/wp-content\/uploads\/2020\/06\/B4COM.png 775w, https:\/\/www.participation4-0.eu\/wp-content\/uploads\/2020\/06\/B4COM-300x104.png 300w, https:\/\/www.participation4-0.eu\/wp-content\/uploads\/2020\/06\/B4COM-768x266.png 768w\" sizes=\"auto, (max-width: 775px) 100vw, 775px\" \/><\/p>\n<\/div><\/div><\/div><div class=\"col-md-8 cs-animation fadeInRight\"><div class=\"cs-column-inner\">[vc_custom_heading text=\u00a0\u00bbB4Com\u00a0\u00bb font_container=\u00a0\u00bbtag:h2|text_align:left|color:%23000000&Prime; use_theme_fonts=\u00a0\u00bbyes\u00a0\u00bb css=\u00a0\u00bb.vc_custom_1591192632865{padding-top: 15px !important;padding-right: 10px !important;padding-bottom: 15px !important;padding-left: 10px !important;}\u00a0\u00bb][vc_separator color=\u00a0\u00bbcustom\u00a0\u00bb accent_color=\u00a0\u00bb#1f428c\u00a0\u00bb][vc_empty_space height=\u00a0\u00bb5px\u00a0\u00bb]<div class=\"cs-column-text\"><p>L&rsquo;association B4Com r\u00e9pond \u00e0 des besoins de terrain constat\u00e9s lors de situations \u00e0 communication d\u00e9grad\u00e9e ou contrainte (n\u00e9cessit\u00e9 de silence, niveau sonore \u00e9lev\u00e9, limitation par la tenue de travail, absence d&rsquo;une langue commune,&#8230;).<\/p>\n<p>Elle cr\u00e9e et d\u00e9veloppe un ensemble de solutions originales pour r\u00e9tablir des \u00e9changes efficaces entre tous les acteurs de ces situations. Gr\u00e2ce \u00e0 une p\u00e9dagogie innovante, d\u00e9velopp\u00e9e avec l&rsquo;expertise d&rsquo;enseignants sourds et dispens\u00e9e par eux, B4Com garantit un apprentissage rapide et p\u00e9renne, en 2 \u00e0 3 jours, de l&rsquo;essentiel de ce dont ont besoin ces personnels pour parvenir \u00e0 remplir, de nouveau, efficacement leur mission, comme par exemple dans le domaine de la M\u00e9decine de catastrophe, les m\u00e9tiers de la bouche et le BTP&#8230;<\/p>\n<p>Ces codes visuo-gestuels permettent ainsi de lever rapidement les probl\u00e9matiques de la communication verbale d\u00e9grad\u00e9e, de la barri\u00e8re linguistique.<\/p>\n<\/div>[vc_empty_space height=\u00a0\u00bb30px\u00a0\u00bb]<div class=\"cs-fancybox cs-fancybox-custom cs-fancybox-bgcolor cs-fancybox-tl cs-fancybox-md\" style=\"background-color:#ededed;text-left\"><div class=\"cs-in fa fa-home cs-icon cs-icon-custom cs-icon-bgcolor cs-icon-square cs-icon-md\" style=\"color:#ffffff;background-color:#1f428c;border-color:#ffffff;\"><\/div><div class=\"cs-fancybox-text\"><h3 style=\"text-align: left; margin-bottom: 10px;\">Contact<\/h3>\n<p style=\"text-align: left;\">B4COM<\/p>\n<p style=\"text-align: left;\">6 place du Schluthfeld<br \/>\n67100 STRASBOURG<\/p>\n<p style=\"text-align: left;\"><a style=\"text-align: left;\" href=\"http:\/\/www.b4com.eu\/\" target=\"_blank\" rel=\"noopener noreferrer\">En savoir plus<\/a><\/p>\n<\/div><\/div><\/div><\/div><\/div><\/div><\/section><section class=\"cs-section lg-padding\"><div class=\"container\"><div class=\"row\"><div class=\"col-md-4 hidden-xs cs-animation fadeInLeft\"><div class=\"cs-column-inner\"><div class=\"cs-column-text\"><p><img loading=\"lazy\" decoding=\"async\" class=\"size-full wp-image-5053\" title=\"Participation 4.0 - Logo Bundesagentur f\u00fcr Arbeit\" src=\"https:\/\/www.participation4-0.eu\/wp-content\/uploads\/2020\/05\/AA-Offenburg-Logo-300dpi.jpg\" alt=\"Participation 4.0 - Logo Bundesagentur f\u00fcr Arbeit\" width=\"933\" height=\"193\" srcset=\"https:\/\/www.participation4-0.eu\/wp-content\/uploads\/2020\/05\/AA-Offenburg-Logo-300dpi.jpg 933w, https:\/\/www.participation4-0.eu\/wp-content\/uploads\/2020\/05\/AA-Offenburg-Logo-300dpi-300x62.jpg 300w, https:\/\/www.participation4-0.eu\/wp-content\/uploads\/2020\/05\/AA-Offenburg-Logo-300dpi-768x159.jpg 768w\" sizes=\"auto, (max-width: 933px) 100vw, 933px\" \/><\/p>\n<\/div>[vc_empty_space height=\u00a0\u00bb30px\u00a0\u00bb]<\/div><\/div><div class=\"col-md-8 cs-animation fadeInRight\"><div class=\"cs-column-inner\">[vc_custom_heading text=\u00a0\u00bbArbeitsagentur Offenburg\u00a0\u00bb font_container=\u00a0\u00bbtag:h2|text_align:left|color:%23000000&Prime; use_theme_fonts=\u00a0\u00bbyes\u00a0\u00bb css=\u00a0\u00bb.vc_custom_1590341821077{padding-top: 15px !important;padding-right: 10px !important;padding-bottom: 15px !important;padding-left: 10px !important;}\u00a0\u00bb][vc_separator color=\u00a0\u00bbcustom\u00a0\u00bb accent_color=\u00a0\u00bb#1f428c\u00a0\u00bb][vc_empty_space height=\u00a0\u00bb5px\u00a0\u00bb]<div class=\"cs-column-text\"><p>Le r\u00f4le de l\u2019agence f\u00e9d\u00e9rale pour l\u2019emploi est essentiel dans toutes les \u00e9tapes de la vie professionnelle. Sa premi\u00e8re mission est bien s\u00fbr de proposer un emploi et d\u2019accompagner les demandeurs d\u2019emploi dans leur recherche. C\u2019est elle qui finance, comme en France, les prestations ch\u00f4mage. Mais elle a aussi d\u2019autres missions telles que proposer une orientation professionnelle \u00e0 un large public. Elle est aussi un interlocuteur privil\u00e9gi\u00e9 pour les employeurs. C\u2019est aussi aupr\u00e8s de ces agences que l\u2019on fait les demandes de prestations familiales.<\/p>\n<p>Elle a aussi un service d\u00e9di\u00e9 aux publics avec handicap. C\u2019est le service \u00ab Rehabilitation \u00bb. Elle accorde \u00e9galement des financements pour l\u2019embauche de personnes handicap\u00e9es afin d\u2018assurer un emploi durable.<\/p>\n<\/div>[vc_empty_space height=\u00a0\u00bb30px\u00a0\u00bb]<div class=\"cs-fancybox cs-fancybox-custom cs-fancybox-bgcolor cs-fancybox-tl cs-fancybox-md\" style=\"background-color:#ededed;text-left\"><div class=\"cs-in fa fa-home cs-icon cs-icon-custom cs-icon-bgcolor cs-icon-square cs-icon-md\" style=\"color:#ffffff;background-color:#1f428c;border-color:#ffffff;\"><\/div><div class=\"cs-fancybox-text\"><h3 style=\"text-align: left; margin-bottom: 10px;\">Contact<\/h3>\n<p style=\"text-align: left;\">Agentur f\u00fcr Arbeit Offenburg<br \/>\nWeingartenstra\u00dfe 3<br \/>\n77654 Offenburg<\/p>\n<p style=\"text-align: left;\"><a style=\"text-align: left;\" href=\"https:\/\/www.arbeitsagentur.de\/vor-ort\/offenburg\/startseite\" target=\"_blank\" rel=\"noopener noreferrer\">En savoir plus<\/a><\/p>\n<\/div><\/div><\/div><\/div><\/div><\/div><\/section><section class=\"cs-section lg-padding cs-section-cover-bg\" style=\"background-image: url(https:\/\/www.participation4-0.eu\/wp-content\/uploads\/2020\/05\/hexagon.png); background-repeat: no-repeat;\"><div class=\"container\"><div class=\"row\"><div class=\"col-md-4 hidden-xs cs-animation fadeInLeft\"><div class=\"cs-column-inner\"><div class=\"cs-column-text\"><p><img loading=\"lazy\" decoding=\"async\" class=\"size-full wp-image-5091\" title=\"Participation 4.0 - Logo Kommune Ortenaukreis\" src=\"https:\/\/www.participation4-0.eu\/wp-content\/uploads\/2020\/05\/4KOA_Logo_4c.jpg\" alt=\"Participation 4.0 - Logo Kommune Ortenaukreis\" width=\"800\" height=\"338\" srcset=\"https:\/\/www.participation4-0.eu\/wp-content\/uploads\/2020\/05\/4KOA_Logo_4c.jpg 800w, https:\/\/www.participation4-0.eu\/wp-content\/uploads\/2020\/05\/4KOA_Logo_4c-300x127.jpg 300w, https:\/\/www.participation4-0.eu\/wp-content\/uploads\/2020\/05\/4KOA_Logo_4c-768x324.jpg 768w\" sizes=\"auto, (max-width: 800px) 100vw, 800px\" \/><\/p>\n<\/div>[vc_empty_space height=\u00a0\u00bb30px\u00a0\u00bb]<\/div><\/div><div class=\"col-md-8 cs-animation fadeInRight\"><div class=\"cs-column-inner\">[vc_custom_heading text=\u00a0\u00bbOrtenaukreis Arbeitsf\u00f6rderung\u00a0\u00bb font_container=\u00a0\u00bbtag:h2|text_align:left|color:%23000000&Prime; use_theme_fonts=\u00a0\u00bbyes\u00a0\u00bb css=\u00a0\u00bb.vc_custom_1590342456707{padding-top: 15px !important;padding-right: 10px !important;padding-bottom: 15px !important;padding-left: 10px !important;}\u00a0\u00bb][vc_separator color=\u00a0\u00bbcustom\u00a0\u00bb accent_color=\u00a0\u00bb#1f428c\u00a0\u00bb][vc_empty_space height=\u00a0\u00bb5px\u00a0\u00bb]<div class=\"cs-column-text\"><p>Le Kommunale Arbeitsf\u00f6rderung Ortenaukreis (KOA) est l&rsquo;un des 100 centres pour l&#8217;emploi en Allemagne qui s&rsquo;occupent des ch\u00f4meurs de longue dur\u00e9e au niveau communal.<\/p>\n<p>Les t\u00e2ches principales des 250 employ\u00e9s consistent notamment \u00e0 assurer rapidement et correctement les moyens de subsistance des personnes ayant droit aux prestations et de trouver un emploi au plus grand nombre possible de demandeurs d&#8217;emploi. Il offre aux employeurs un soutien professionnel dans leur recherche de personnel gr\u00e2ce \u00e0 une pr\u00e9s\u00e9lection pr\u00e9cise des candidats appropri\u00e9s ainsi qu&rsquo;un suivi. Les services sont fournis de mani\u00e8re d\u00e9centralis\u00e9e sur les sites d&rsquo;Offenburg, Lahr, Kehl, Achern et Wolfach.<\/p>\n<\/div>[vc_empty_space height=\u00a0\u00bb30px\u00a0\u00bb]<div class=\"cs-fancybox cs-fancybox-custom cs-fancybox-bgcolor cs-fancybox-tl cs-fancybox-md\" style=\"background-color:#ededed;text-left\"><div class=\"cs-in fa fa-home cs-icon cs-icon-custom cs-icon-bgcolor cs-icon-square cs-icon-md\" style=\"color:#ffffff;background-color:#1f428c;border-color:#ffffff;\"><\/div><div class=\"cs-fancybox-text\"><h3 style=\"text-align: left; margin-bottom: 10px;\">Contact<\/h3>\n<p style=\"text-align: left;\">Jobcenter Ortenaukreis<br \/>\nLange Stra\u00dfe 51<br \/>\n77652 Offenburg<\/p>\n<p style=\"text-align: left;\"><a style=\"text-align: left;\" href=\"https:\/\/www.ortenaukreis.de\/?La=1&#038;NavID=2390.93\" target=\"_blank\" rel=\"noopener noreferrer\">En savoir plus<\/a><\/p>\n<\/div><\/div><\/div><\/div><\/div><\/div><\/section><section class=\"cs-section lg-padding\"><div class=\"container\"><div class=\"row\"><div class=\"col-md-4 hidden-xs cs-animation fadeInLeft\"><div class=\"cs-column-inner\"><div class=\"cs-column-text\"><p><img loading=\"lazy\" decoding=\"async\" class=\"size-full wp-image-5098\" title=\"Participation 4.0 - Logo Kommune Ortenaukreis\" src=\"https:\/\/www.participation4-0.eu\/wp-content\/uploads\/2020\/05\/IHK.jpg\" alt=\"Participation 4.0 - IHK s\u00fcdlicher Oberrhein\" width=\"829\" height=\"188\" srcset=\"https:\/\/www.participation4-0.eu\/wp-content\/uploads\/2020\/05\/IHK.jpg 829w, https:\/\/www.participation4-0.eu\/wp-content\/uploads\/2020\/05\/IHK-300x68.jpg 300w, https:\/\/www.participation4-0.eu\/wp-content\/uploads\/2020\/05\/IHK-768x174.jpg 768w\" sizes=\"auto, (max-width: 829px) 100vw, 829px\" \/><\/p>\n<\/div>[vc_empty_space height=\u00a0\u00bb30px\u00a0\u00bb]<\/div><\/div><div class=\"col-md-8 cs-animation fadeInRight\"><div class=\"cs-column-inner\">[vc_custom_heading text=\u00a0\u00bbIHK S\u00fcdlicher Oberrhein\u00a0\u00bb font_container=\u00a0\u00bbtag:h2|text_align:left|color:%23000000&Prime; use_theme_fonts=\u00a0\u00bbyes\u00a0\u00bb css=\u00a0\u00bb.vc_custom_1590342808059{padding-top: 15px !important;padding-right: 10px !important;padding-bottom: 15px !important;padding-left: 10px !important;}\u00a0\u00bb][vc_separator color=\u00a0\u00bbcustom\u00a0\u00bb accent_color=\u00a0\u00bb#1f428c\u00a0\u00bb][vc_empty_space height=\u00a0\u00bb5px\u00a0\u00bb]<div class=\"cs-column-text\"><p>La Chambre de commerce et d&rsquo;industrie du Rhin Sup\u00e9rieur Sud est une institution de l&rsquo;\u00e9conomie r\u00e9gionale. Elle remplit &#8211; sur la base d&rsquo;une loi f\u00e9d\u00e9rale &#8211; ses missions publiques sous sa propre responsabilit\u00e9, notamment par l&rsquo;interm\u00e9diaire de l&rsquo;assembl\u00e9e pl\u00e9ni\u00e8re \u00e9lue par toutes les soci\u00e9t\u00e9s affili\u00e9es \u00e0 la CSI avec un pr\u00e9sident d&rsquo;honneur et une pr\u00e9sidence.<\/p>\n<p>Les domaines d&rsquo;activit\u00e9 de l&rsquo;IHK sont tr\u00e8s vari\u00e9s:<\/p>\n<ul>\n<li>Conseil aux institutions publiques et aux organes l\u00e9gislatifs,<\/li>\n<li>Avis d&rsquo;experts pour les tribunaux,<\/li>\n<li>La formation professionnelle, commerciale et industrielle,<\/li>\n<li>La formation continue,<\/li>\n<li>Soutien individuel des entreprises.<\/li>\n<\/ul>\n<p>En tant qu&rsquo;organe administratif autonome, l&rsquo;IHK offre une large gamme de services \u00e0 ses membres.<\/p>\n<\/div>[vc_empty_space height=\u00a0\u00bb30px\u00a0\u00bb]<div class=\"cs-fancybox cs-fancybox-custom cs-fancybox-bgcolor cs-fancybox-tl cs-fancybox-md\" style=\"background-color:#ededed;text-left\"><div class=\"cs-in fa fa-home cs-icon cs-icon-custom cs-icon-bgcolor cs-icon-square cs-icon-md\" style=\"color:#ffffff;background-color:#1f428c;border-color:#ffffff;\"><\/div><div class=\"cs-fancybox-text\"><h3 style=\"text-align: left; margin-bottom: 10px;\">Contact<\/h3>\n<p style=\"text-align: left;\">Industrie- und Handelskammer S\u00fcdlicher Oberrhein Hauptstelle<br \/>\nSchnewlinstra\u00dfe 11-13<br \/>\n79098 Freiburg<\/p>\n<p style=\"text-align: left;\"><a style=\"text-align: left;\" href=\"https:\/\/www.suedlicher-oberrhein.ihk.de\/\" target=\"_blank\" rel=\"noopener noreferrer\">En savoir plus<\/a><\/p>\n<\/div><\/div><\/div><\/div><\/div><\/div><\/section><section class=\"cs-section lg-padding cs-section-cover-bg\" style=\"background-image: url(https:\/\/www.participation4-0.eu\/wp-content\/uploads\/2020\/05\/hexagon.png);\"><div class=\"container\"><div class=\"row\"><div class=\"col-md-4 hidden-xs cs-animation fadeInLeft\"><div class=\"cs-column-inner\"><div class=\"cs-column-text\"><p><img loading=\"lazy\" decoding=\"async\" class=\"size-full wp-image-5100\" title=\"Participation 4.0 - Logo AGBO eV\" src=\"https:\/\/www.participation4-0.eu\/wp-content\/uploads\/2020\/05\/Logo_agbo_klein_eV_v1-1.jpg\" alt=\"Participation 4.0 - Logo AGBO eV\" width=\"2515\" height=\"591\" srcset=\"https:\/\/www.participation4-0.eu\/wp-content\/uploads\/2020\/05\/Logo_agbo_klein_eV_v1-1.jpg 2515w, https:\/\/www.participation4-0.eu\/wp-content\/uploads\/2020\/05\/Logo_agbo_klein_eV_v1-1-300x70.jpg 300w, https:\/\/www.participation4-0.eu\/wp-content\/uploads\/2020\/05\/Logo_agbo_klein_eV_v1-1-1024x241.jpg 1024w, https:\/\/www.participation4-0.eu\/wp-content\/uploads\/2020\/05\/Logo_agbo_klein_eV_v1-1-768x180.jpg 768w, https:\/\/www.participation4-0.eu\/wp-content\/uploads\/2020\/05\/Logo_agbo_klein_eV_v1-1-1536x361.jpg 1536w, https:\/\/www.participation4-0.eu\/wp-content\/uploads\/2020\/05\/Logo_agbo_klein_eV_v1-1-2048x481.jpg 2048w\" sizes=\"auto, (max-width: 2515px) 100vw, 2515px\" \/><\/p>\n<\/div>[vc_empty_space height=\u00a0\u00bb30px\u00a0\u00bb]<\/div><\/div><div class=\"col-md-8 cs-animation fadeInRight\"><div class=\"cs-column-inner\">[vc_custom_heading text=\u00a0\u00bbAGBO Offenburg\u00a0\u00bb font_container=\u00a0\u00bbtag:h2|text_align:left|color:%23000000&Prime; use_theme_fonts=\u00a0\u00bbyes\u00a0\u00bb css=\u00a0\u00bb.vc_custom_1590342959611{padding-top: 15px !important;padding-right: 10px !important;padding-bottom: 15px !important;padding-left: 10px !important;}\u00a0\u00bb][vc_separator color=\u00a0\u00bbcustom\u00a0\u00bb accent_color=\u00a0\u00bb#1f428c\u00a0\u00bb][vc_empty_space height=\u00a0\u00bb5px\u00a0\u00bb]<div class=\"cs-column-text\"><p>L&rsquo;AGBO est une association \u00e0 but non lucratif regroupant la majorit\u00e9 des organisations pour les personnes handicap\u00e9es mentales et physiques dans le secteur de l&rsquo;Ortenau. Quasiment 95% de ce public est repr\u00e9sent\u00e9 par l&rsquo;AGBO dans l&rsquo;Ortenau.<\/p>\n<p>L&rsquo;AGBO repr\u00e9sente les personnes handicap\u00e9es dans le but d&rsquo;am\u00e9liorer leur situation dans tous les domaines de la vie, du travail, du logement et des loisirs \u00e0 l&rsquo;\u00e9ducation. La vie devrait devenir plus facile, c&rsquo;est-\u00e0-dire surtout sans barri\u00e8res.<\/p>\n<\/div>[vc_empty_space height=\u00a0\u00bb30px\u00a0\u00bb]<div class=\"cs-fancybox cs-fancybox-custom cs-fancybox-bgcolor cs-fancybox-tl cs-fancybox-md\" style=\"background-color:#ededed;text-left\"><div class=\"cs-in fa fa-home cs-icon cs-icon-custom cs-icon-bgcolor cs-icon-square cs-icon-md\" style=\"color:#ffffff;background-color:#1f428c;border-color:#ffffff;\"><\/div><div class=\"cs-fancybox-text\"><h3 style=\"text-align: left; margin-bottom: 10px;\">Contact<\/h3>\n<p style=\"text-align: left;\">AGBO e.V.<br \/>\nEspenstra\u00dfe 5<br \/>\n77656 Offenburg<\/p>\n<p style=\"text-align: left;\"><a style=\"text-align: left;\" href=\"https:\/\/www.agbo.info\/\" target=\"_blank\" rel=\"noopener noreferrer\">En savoir plus<\/a><\/p>\n<\/div><\/div><\/div><\/div><\/div><\/div><\/section><section class=\"cs-section lg-padding\"><div class=\"container\"><div class=\"row\"><div class=\"col-md-4 hidden-xs cs-animation fadeInLeft\"><div class=\"cs-column-inner\"><div class=\"cs-column-text\"><p><img loading=\"lazy\" decoding=\"async\" class=\"size-full wp-image-5102\" title=\"Participation 4.0 - Logo Birk Geb\u00e4udetechnik\" src=\"https:\/\/www.participation4-0.eu\/wp-content\/uploads\/2020\/05\/Birk.jpg\" alt=\"Participation 4.0 - Logo Birk Geb\u00e4udetechnik\" width=\"1654\" height=\"783\" srcset=\"https:\/\/www.participation4-0.eu\/wp-content\/uploads\/2020\/05\/Birk.jpg 1654w, https:\/\/www.participation4-0.eu\/wp-content\/uploads\/2020\/05\/Birk-300x142.jpg 300w, https:\/\/www.participation4-0.eu\/wp-content\/uploads\/2020\/05\/Birk-1024x485.jpg 1024w, https:\/\/www.participation4-0.eu\/wp-content\/uploads\/2020\/05\/Birk-768x364.jpg 768w, https:\/\/www.participation4-0.eu\/wp-content\/uploads\/2020\/05\/Birk-1536x727.jpg 1536w\" sizes=\"auto, (max-width: 1654px) 100vw, 1654px\" \/><\/p>\n<\/div>[vc_empty_space height=\u00a0\u00bb30px\u00a0\u00bb]<\/div><\/div><div class=\"col-md-8 cs-animation fadeInRight\"><div class=\"cs-column-inner\">[vc_custom_heading text=\u00a0\u00bbElektro Birk\u00a0\u00bb font_container=\u00a0\u00bbtag:h2|text_align:left|color:%23000000&Prime; use_theme_fonts=\u00a0\u00bbyes\u00a0\u00bb css=\u00a0\u00bb.vc_custom_1590343144003{padding-top: 15px !important;padding-right: 10px !important;padding-bottom: 15px !important;padding-left: 10px !important;}\u00a0\u00bb][vc_separator color=\u00a0\u00bbcustom\u00a0\u00bb accent_color=\u00a0\u00bb#1f428c\u00a0\u00bb][vc_empty_space height=\u00a0\u00bb5px\u00a0\u00bb]<div class=\"cs-column-text\"><\/div>[vc_empty_space height=\u00a0\u00bb30px\u00a0\u00bb]<div class=\"cs-fancybox cs-fancybox-custom cs-fancybox-bgcolor cs-fancybox-tl cs-fancybox-md\" style=\"background-color:#ededed;text-left\"><div class=\"cs-in fa fa-home cs-icon cs-icon-custom cs-icon-bgcolor cs-icon-square cs-icon-md\" style=\"color:#ffffff;background-color:#1f428c;border-color:#ffffff;\"><\/div><div class=\"cs-fancybox-text\"><h3 style=\"text-align: left; margin-bottom: 10px;\">Contact<\/h3>\n<p style=\"text-align: left;\">Elektro Birk<br \/>\nStandort Oberkirch<br \/>\nHammermatt 3<br \/>\n77704 Oberkirch<\/p>\n<p style=\"text-align: left;\"><a style=\"text-align: left;\" href=\"https:\/\/www.elektro-birk.de\/\" target=\"_blank\" rel=\"noopener noreferrer\">En savoir plus<\/a><\/p>\n<\/div><\/div><\/div><\/div><\/div><\/div><\/section><section class=\"cs-section lg-padding cs-section-cover-bg\" style=\"background-image: url(https:\/\/www.participation4-0.eu\/wp-content\/uploads\/2020\/05\/hexagon.png);\"><div class=\"container\"><div class=\"row\"><div class=\"col-md-4 hidden-xs cs-animation fadeInLeft\"><div class=\"cs-column-inner\"><div class=\"cs-column-text\"><p><img loading=\"lazy\" decoding=\"async\" class=\"size-full wp-image-5104\" title=\"Participation 4.0 - Logo ALGECO\" src=\"https:\/\/www.participation4-0.eu\/wp-content\/uploads\/2020\/05\/RVB_BLEU_ALGECO_10CM.jpg\" alt=\"Participation 4.0 - Logo ALGECO\" width=\"386\" height=\"191\" srcset=\"https:\/\/www.participation4-0.eu\/wp-content\/uploads\/2020\/05\/RVB_BLEU_ALGECO_10CM.jpg 386w, https:\/\/www.participation4-0.eu\/wp-content\/uploads\/2020\/05\/RVB_BLEU_ALGECO_10CM-300x148.jpg 300w\" sizes=\"auto, (max-width: 386px) 100vw, 386px\" \/><\/p>\n<\/div>[vc_empty_space height=\u00a0\u00bb30px\u00a0\u00bb]<\/div><\/div><div class=\"col-md-8 cs-animation fadeInRight\"><div class=\"cs-column-inner\">[vc_custom_heading text=\u00a0\u00bbALGECO\u00a0\u00bb font_container=\u00a0\u00bbtag:h2|text_align:left|color:%23000000&Prime; use_theme_fonts=\u00a0\u00bbyes\u00a0\u00bb css=\u00a0\u00bb.vc_custom_1590343280050{padding-top: 15px !important;padding-right: 10px !important;padding-bottom: 15px !important;padding-left: 10px !important;}\u00a0\u00bb][vc_separator color=\u00a0\u00bbcustom\u00a0\u00bb accent_color=\u00a0\u00bb#1f428c\u00a0\u00bb][vc_empty_space height=\u00a0\u00bb5px\u00a0\u00bb]<div class=\"cs-column-text\"><\/div>[vc_empty_space height=\u00a0\u00bb30px\u00a0\u00bb]<div class=\"cs-fancybox cs-fancybox-custom cs-fancybox-bgcolor cs-fancybox-tl cs-fancybox-md\" style=\"background-color:#ededed;text-left\"><div class=\"cs-in fa fa-home cs-icon cs-icon-custom cs-icon-bgcolor cs-icon-square cs-icon-md\" style=\"color:#ffffff;background-color:#1f428c;border-color:#ffffff;\"><\/div><div class=\"cs-fancybox-text\"><h3 style=\"text-align: left; margin-bottom: 10px;\">Contact<\/h3>\n<p style=\"text-align: left;\">Algeco GmbH<br \/>\nSiemensstra\u00dfe 17<br \/>\n77694 Kehl<\/p>\n<p style=\"text-align: left;\"><a style=\"text-align: left;\" href=\"https:\/\/www.algeco.de\/\" target=\"_blank\" rel=\"noopener noreferrer\">En savoir plus<\/a><\/p>\n<\/div><\/div><\/div><\/div><\/div><\/div><\/section><section class=\"cs-section lg-padding cs-section-cover-bg\" style=\"background-image: url(https:\/\/www.participation4-0.eu\/wp-content\/uploads\/2020\/05\/hexagon.png);\"><div class=\"container\"><div class=\"row\"><div class=\"col-md-4 hidden-xs cs-animation fadeInLeft\"><div class=\"cs-column-inner\"><div class=\"cs-column-text\"><p><img loading=\"lazy\" decoding=\"async\" class=\"size-full wp-image-5108\" title=\"Participation 4.0 - Logo ALSACE BAS-RHIN\" src=\"https:\/\/www.participation4-0.eu\/wp-content\/uploads\/2020\/05\/logo_AlsaceCD67_sur_fond_blanc_quadri.jpg\" alt=\"Participation 4.0 - Logo ALSACE BAS-RHIN\" width=\"1837\" height=\"499\" srcset=\"https:\/\/www.participation4-0.eu\/wp-content\/uploads\/2020\/05\/logo_AlsaceCD67_sur_fond_blanc_quadri.jpg 1837w, https:\/\/www.participation4-0.eu\/wp-content\/uploads\/2020\/05\/logo_AlsaceCD67_sur_fond_blanc_quadri-300x81.jpg 300w, https:\/\/www.participation4-0.eu\/wp-content\/uploads\/2020\/05\/logo_AlsaceCD67_sur_fond_blanc_quadri-1024x278.jpg 1024w, https:\/\/www.participation4-0.eu\/wp-content\/uploads\/2020\/05\/logo_AlsaceCD67_sur_fond_blanc_quadri-768x209.jpg 768w, https:\/\/www.participation4-0.eu\/wp-content\/uploads\/2020\/05\/logo_AlsaceCD67_sur_fond_blanc_quadri-1536x417.jpg 1536w\" sizes=\"auto, (max-width: 1837px) 100vw, 1837px\" \/><\/p>\n<\/div>[vc_empty_space height=\u00a0\u00bb30px\u00a0\u00bb]<\/div><\/div><div class=\"col-md-8 cs-animation fadeInRight\"><div class=\"cs-column-inner\">[vc_custom_heading text=\u00a0\u00bbConseil d\u00e9partemental du Bas-Rhin\u00a0\u00bb font_container=\u00a0\u00bbtag:h2|text_align:left|color:%23000000&Prime; use_theme_fonts=\u00a0\u00bbyes\u00a0\u00bb css=\u00a0\u00bb.vc_custom_1590343519522{padding-top: 15px !important;padding-right: 10px !important;padding-bottom: 15px !important;padding-left: 10px !important;}\u00a0\u00bb][vc_separator color=\u00a0\u00bbcustom\u00a0\u00bb accent_color=\u00a0\u00bb#1f428c\u00a0\u00bb][vc_empty_space height=\u00a0\u00bb5px\u00a0\u00bb]<div class=\"cs-column-text\"><p>Le Conseil d\u00e9partemental du Bas Rhin est en charge de toutes les questions sociales pour le d\u00e9partement.<\/p>\n<\/div>[vc_empty_space height=\u00a0\u00bb30px\u00a0\u00bb]<div class=\"cs-fancybox cs-fancybox-custom cs-fancybox-bgcolor cs-fancybox-tl cs-fancybox-md\" style=\"background-color:#ededed;text-left\"><div class=\"cs-in fa fa-home cs-icon cs-icon-custom cs-icon-bgcolor cs-icon-square cs-icon-md\" style=\"color:#ffffff;background-color:#1f428c;border-color:#ffffff;\"><\/div><div class=\"cs-fancybox-text\"><h3 style=\"text-align: left; margin-bottom: 10px;\">Contact<\/h3>\n<p style=\"text-align: left;\">CONSEIL DEPARTEMENTAL DU BAS RHIN<br \/>\nPlace du Quartier Blanc<\/p>\n<p style=\"text-align: left;\">67964 Strasbourg cedex 9<\/p>\n<p style=\"text-align: left;\"><a style=\"text-align: left;\" href=\"https:\/\/www.bas-rhin.fr\/\" target=\"_blank\" rel=\"noopener noreferrer\">En savoir plus<\/a><\/p>\n<\/div><\/div><\/div><\/div><\/div><\/div><\/section><section class=\"cs-section lg-padding\"><div class=\"container\"><div class=\"row\"><div class=\"col-md-4 hidden-xs cs-animation fadeInLeft\"><div class=\"cs-column-inner\"><div class=\"cs-column-text\"><p><img loading=\"lazy\" decoding=\"async\" class=\"size-full wp-image-5111\" title=\"Participation 4.0 - Logo Eurodistrict\" src=\"https:\/\/www.participation4-0.eu\/wp-content\/uploads\/2020\/05\/eurodistrict.png\" alt=\"Participation 4.0 - Logo Eurodistrict\" width=\"455\" height=\"789\" srcset=\"https:\/\/www.participation4-0.eu\/wp-content\/uploads\/2020\/05\/eurodistrict.png 455w, https:\/\/www.participation4-0.eu\/wp-content\/uploads\/2020\/05\/eurodistrict-173x300.png 173w\" sizes=\"auto, (max-width: 455px) 100vw, 455px\" \/><\/p>\n<\/div>[vc_empty_space height=\u00a0\u00bb30px\u00a0\u00bb]<\/div><\/div><div class=\"col-md-8 cs-animation fadeInRight\"><div class=\"cs-column-inner\">[vc_custom_heading text=\u00a0\u00bbEurodistrict\u00a0\u00bb font_container=\u00a0\u00bbtag:h2|text_align:left|color:%23000000&Prime; use_theme_fonts=\u00a0\u00bbyes\u00a0\u00bb css=\u00a0\u00bb.vc_custom_1590343656178{padding-top: 15px !important;padding-right: 10px !important;padding-bottom: 15px !important;padding-left: 10px !important;}\u00a0\u00bb][vc_separator color=\u00a0\u00bbcustom\u00a0\u00bb accent_color=\u00a0\u00bb#1f428c\u00a0\u00bb][vc_empty_space height=\u00a0\u00bb5px\u00a0\u00bb]<div class=\"cs-column-text\"><p>L\u2019Eurodistrict Strasbourg-Ortenau est une collectivit\u00e9 territoriale, c\u2019est-\u00e0-dire un groupement de communes fran\u00e7aises et allemandes des deux c\u00f4t\u00e9s du Rhin. L\u2019Eurodistrict englobe les 61 communes de l\u2019Eurom\u00e9tropole de Strasbourg et du Canton d\u2019Erstein ainsi que les 51 communes de l\u2019Ortenaukreis, ce qui repr\u00e9sente 940 000 habitants.<\/p>\n<p>Juridiquement, l&rsquo;Eurodistrict est un Groupement Europ\u00e9en de Coop\u00e9ration Territoriale (GECT)\u00a0: \u00ab\u00a0Les GECT sont des entit\u00e9s juridiques cr\u00e9es pour faciliter la coop\u00e9ration transfrontali\u00e8re, transnationale ou interr\u00e9gionale au sein de l\u2019Union europ\u00e9enne (UE). Ils permettent \u00e9galement aux autorit\u00e9s r\u00e9gionales et locales (ainsi qu\u2019aux autorit\u00e9s nationales dans les pays plus petits ou centralis\u00e9s) et \u00e0 d\u2019autres entreprises publiques de diff\u00e9rents \u00c9tats membres de cr\u00e9er des groupements avec une personnalit\u00e9 juridique afin de fournir des services communs. \u00bb<\/p>\n<\/div>[vc_empty_space height=\u00a0\u00bb30px\u00a0\u00bb]<div class=\"cs-fancybox cs-fancybox-custom cs-fancybox-bgcolor cs-fancybox-tl cs-fancybox-md\" style=\"background-color:#ededed;text-left\"><div class=\"cs-in fa fa-home cs-icon cs-icon-custom cs-icon-bgcolor cs-icon-square cs-icon-md\" style=\"color:#ffffff;background-color:#1f428c;border-color:#ffffff;\"><\/div><div class=\"cs-fancybox-text\"><h3 style=\"text-align: left; margin-bottom: 10px;\">Contact<\/h3>\n<p style=\"text-align: left;\">Eurodistrict Strasbourg-Ortenau<br \/>\nFabrikstra\u00dfe 12<br \/>\n77694 Kehl<\/p>\n<p style=\"text-align: left;\"><a style=\"text-align: left;\" href=\"http:\/\/www.eurodistrict.eu\/\" target=\"_blank\" rel=\"noopener noreferrer\">En savoir plus<\/a><\/p>\n<\/div><\/div><\/div><\/div><\/div><\/div><\/section><section class=\"cs-section lg-padding cs-section-cover-bg\" style=\"background-image: url(https:\/\/www.participation4-0.eu\/wp-content\/uploads\/2020\/05\/hexagon.png);\"><div class=\"container\"><div class=\"row\"><div class=\"col-md-4 hidden-xs cs-animation fadeInLeft\"><div class=\"cs-column-inner\"><div class=\"cs-column-text\"><p><img loading=\"lazy\" decoding=\"async\" class=\"size-full wp-image-5113\" title=\"Participation 4.0 - Logo CAFA-RSO\" src=\"https:\/\/www.participation4-0.eu\/wp-content\/uploads\/2020\/05\/cafa-rso.png\" alt=\"Participation 4.0 - Logo CAFA-RSO\" width=\"241\" height=\"84\" \/><\/p>\n<\/div>[vc_empty_space height=\u00a0\u00bb30px\u00a0\u00bb]<\/div><\/div><div class=\"col-md-8 cs-animation fadeInRight\"><div class=\"cs-column-inner\">[vc_custom_heading text=\u00a0\u00bbCAFA RSO\u00a0\u00bb font_container=\u00a0\u00bbtag:h2|text_align:left|color:%23000000&Prime; use_theme_fonts=\u00a0\u00bbyes\u00a0\u00bb css=\u00a0\u00bb.vc_custom_1590343773762{padding-top: 15px !important;padding-right: 10px !important;padding-bottom: 15px !important;padding-left: 10px !important;}\u00a0\u00bb][vc_separator color=\u00a0\u00bbcustom\u00a0\u00bb accent_color=\u00a0\u00bb#1f428c\u00a0\u00bb][vc_empty_space height=\u00a0\u00bb5px\u00a0\u00bb]<div class=\"cs-column-text\"><p>Le Club d\u2019Affaires Franco-Allemand du Rhin Sup\u00e9rieur &#8211; Oberrhein a \u00e9t\u00e9 cr\u00e9\u00e9 en mai 2005 par des chefs d\u2019entreprises fran\u00e7ais et allemands sous l\u2019impulsion de la Chambre Franco Allemande de Commerce et d\u2019Industrie.<\/p>\n<p>L\u2019objectif est de r\u00e9unir les entreprises allemandes et fran\u00e7aises \u00e0 l\u2019occasion de rencontres conviviales et de conf\u00e9rences afin de favoriser les \u00e9changes et cr\u00e9er un v\u00e9ritable r\u00e9seau transfrontalier d\u2019entrepreneurs.<\/p>\n<p>Il s&rsquo;int\u00e8gre dans un r\u00e9seau de 20 clubs d&rsquo;affaires franco-allemands existants en France et en Allemagne.<\/p>\n<p>Le club compte environ 300 membres comprenant des chefs d\u2019entreprises industrielles et commerciales fran\u00e7aises et allemandes, des cadres et cadres dirigeants d\u2019entreprises des deux pays, des repr\u00e9sentants de diff\u00e9rentes institutions ainsi que du monde scientifique, artistique et culturel. Il est dirig\u00e9 par un comit\u00e9 de direction pr\u00e9sid\u00e9 par deux co-pr\u00e9sidents.<\/p>\n<\/div>[vc_empty_space height=\u00a0\u00bb30px\u00a0\u00bb]<div class=\"cs-fancybox cs-fancybox-custom cs-fancybox-bgcolor cs-fancybox-tl cs-fancybox-md\" style=\"background-color:#ededed;text-left\"><div class=\"cs-in fa fa-home cs-icon cs-icon-custom cs-icon-bgcolor cs-icon-square cs-icon-md\" style=\"color:#ffffff;background-color:#1f428c;border-color:#ffffff;\"><\/div><div class=\"cs-fancybox-text\"><h3 style=\"text-align: left; margin-bottom: 10px;\">Contact<\/h3>\n<p style=\"text-align: left;\">CAFA RSO<br \/>\nSchwarzwaldstra\u00dfe 139<br \/>\nD-76532 Baden-Baden<\/p>\n<p style=\"text-align: left;\"><a style=\"text-align: left;\" href=\"https:\/\/www.cafa-rso.eu\/index.php\/fr\/\" target=\"_blank\" rel=\"noopener noreferrer\">En savoir plus<\/a><\/p>\n<\/div><\/div><\/div><\/div><\/div><\/div><\/section><section class=\"cs-section lg-padding\"><div class=\"container\"><div class=\"row\"><div class=\"col-md-4 hidden-xs cs-animation fadeInLeft\"><div class=\"cs-column-inner\"><div class=\"cs-column-text\"><p><img loading=\"lazy\" decoding=\"async\" class=\"size-full wp-image-5115\" title=\"Participation 4.0 - Logo Keeseek\" src=\"https:\/\/www.participation4-0.eu\/wp-content\/uploads\/2020\/05\/keeseek.png\" alt=\"Participation 4.0 - Logo Keeseek\" width=\"1024\" height=\"1024\" srcset=\"https:\/\/www.participation4-0.eu\/wp-content\/uploads\/2020\/05\/keeseek.png 1024w, https:\/\/www.participation4-0.eu\/wp-content\/uploads\/2020\/05\/keeseek-300x300.png 300w, https:\/\/www.participation4-0.eu\/wp-content\/uploads\/2020\/05\/keeseek-150x150.png 150w, https:\/\/www.participation4-0.eu\/wp-content\/uploads\/2020\/05\/keeseek-768x768.png 768w\" sizes=\"auto, (max-width: 1024px) 100vw, 1024px\" \/><\/p>\n<\/div>[vc_empty_space height=\u00a0\u00bb30px\u00a0\u00bb]<\/div><\/div><div class=\"col-md-8 cs-animation fadeInRight\"><div class=\"cs-column-inner\">[vc_custom_heading text=\u00a0\u00bbKeeSeek\u00a0\u00bb font_container=\u00a0\u00bbtag:h2|text_align:left|color:%23000000&Prime; use_theme_fonts=\u00a0\u00bbyes\u00a0\u00bb css=\u00a0\u00bb.vc_custom_1590343865554{padding-top: 15px !important;padding-right: 10px !important;padding-bottom: 15px !important;padding-left: 10px !important;}\u00a0\u00bb][vc_separator color=\u00a0\u00bbcustom\u00a0\u00bb accent_color=\u00a0\u00bb#1f428c\u00a0\u00bb][vc_empty_space height=\u00a0\u00bb5px\u00a0\u00bb]<div class=\"cs-column-text\"><p>Le \u00ab\u00a0logement contre services\u00a0\u00bb est un type alternatif de location permettant \u00e0 un propri\u00e9taire ou \u00e0 un locataire (avec l\u2019accord de son propri\u00e9taire), de devenir \u00ab\u00a0Famille d&rsquo;accueil\u00a0\u00bb et de mettre \u00e0 disposition tout ou une partie de son logement gratuitement en contrepartie de services rendus tels que : Home sitting, Aides \u00e0 Domicile, Baby Sitting &#038; Garde d&rsquo;enfant, Bricolage &#038; Petits Travaux, Garde d&rsquo;Animaux ou Pet Sitting, Garde de Jour, Garde de Nuit, Garde Enfants, Garde Personnes Ag\u00e9es, Garde Personnes Handicap\u00e9es, Gardiennage de Propri\u00e9t\u00e9, Jardinage, M\u00e9nage &#038; Courses, Sorties Ecole, Soutien Scolaire.<\/p>\n<\/div>[vc_empty_space height=\u00a0\u00bb30px\u00a0\u00bb]<div class=\"cs-fancybox cs-fancybox-custom cs-fancybox-bgcolor cs-fancybox-tl cs-fancybox-md\" style=\"background-color:#ededed;text-left\"><div class=\"cs-in fa fa-home cs-icon cs-icon-custom cs-icon-bgcolor cs-icon-square cs-icon-md\" style=\"color:#ffffff;background-color:#1f428c;border-color:#ffffff;\"><\/div><div class=\"cs-fancybox-text\"><h3 style=\"text-align: left; margin-bottom: 10px;\">Contact<\/h3>\n<p style=\"text-align: left;\">Toitchezmoi \u2013 KeeSeek<br \/>\n19 Rue de Dunkerque<br \/>\n67000 Strasbourg<\/p>\n<p style=\"text-align: left;\"><a style=\"text-align: left;\" href=\"https:\/\/www.toitchezmoi.com\/\" target=\"_blank\" rel=\"noopener noreferrer\">En savoir plus<\/a><\/p>\n<\/div><\/div><\/div><\/div><\/div><\/div><\/section><section class=\"cs-section no-padding text-center\"><div class=\"container-fluid\"><div class=\"row\"><div class=\"col-md-6 lg-padding\" style=\"background-color: #1f428c;\"><div class=\"cs-column-inner\"><div class=\"cs-column-text cs-animation fadeIn\"><i class=\"fa fa-twitter\" style=\"font-size: 75px; color:white;\"><\/i>\n<\/div><a href=\"https:\/\/twitter.com\/0Participation\" class=\"cs-btn cs-btn-outlined cs-btn-rounded cs-btn-outlined-white cs-btn-xl cs-btn-custom-69f2a14c55c80 cs-animation fadeIn\" target=\"_blank\">Suivez-nous sur twitter<\/a><\/div><\/div><div class=\"col-md-6 lg-padding\" style=\"background-color: #7b2b29;\"><div class=\"cs-column-inner\"><div class=\"cs-column-text cs-animation fadeIn\"><i class=\"fa fa-facebook\" style=\"font-size:75px; color:white;\"><\/i>\n<\/div><a href=\"https:\/\/www.facebook.com\/Participation-40-350507678744690\/\" class=\"cs-btn cs-btn-outlined cs-btn-rounded cs-btn-outlined-white cs-btn-xl cs-btn-custom-69f2a14c55cee cs-animation fadeIn\" target=\"_blank\">Suivez-nous sur facebook<\/a><\/div><\/div><\/div><\/div><\/section>\n","protected":false},"excerpt":{"rendered":"<p><span class=\"entry-read-more\"><a href=\"https:\/\/www.participation4-0.eu\/fr\/project\/assoziierte-partner\/\" class=\"cs-btn cs-btn-flat cs-btn-rounded cs-btn-xxs cs-btn-flat-accent\">Lire la suite<\/a><\/span><\/p>\n","protected":false},"author":1,"featured_media":0,"parent":473,"menu_order":0,"comment_status":"open","ping_status":"open","template":"","meta":{"footnotes":""},"class_list":["post-478","page","type-page","status-publish","hentry"],"_links":{"self":[{"href":"https:\/\/www.participation4-0.eu\/fr\/wp-json\/wp\/v2\/pages\/478","targetHints":{"allow":["GET"]}}],"collection":[{"href":"https:\/\/www.participation4-0.eu\/fr\/wp-json\/wp\/v2\/pages"}],"about":[{"href":"https:\/\/www.participation4-0.eu\/fr\/wp-json\/wp\/v2\/types\/page"}],"author":[{"embeddable":true,"href":"https:\/\/www.participation4-0.eu\/fr\/wp-json\/wp\/v2\/users\/1"}],"replies":[{"embeddable":true,"href":"https:\/\/www.participation4-0.eu\/fr\/wp-json\/wp\/v2\/comments?post=478"}],"version-history":[{"count":125,"href":"https:\/\/www.participation4-0.eu\/fr\/wp-json\/wp\/v2\/pages\/478\/revisions"}],"predecessor-version":[{"id":6383,"href":"https:\/\/www.participation4-0.eu\/fr\/wp-json\/wp\/v2\/pages\/478\/revisions\/6383"}],"up":[{"embeddable":true,"href":"https:\/\/www.participation4-0.eu\/fr\/wp-json\/wp\/v2\/pages\/473"}],"wp:attachment":[{"href":"https:\/\/www.participation4-0.eu\/fr\/wp-json\/wp\/v2\/media?parent=478"}],"curies":[{"name":"wp","href":"https:\/\/api.w.org\/{rel}","templated":true}]}}