{"id":5339,"date":"2020-05-29T10:52:17","date_gmt":"2020-05-29T08:52:17","guid":{"rendered":"https:\/\/www.participation4-0.eu\/version2\/?page_id=5339"},"modified":"2020-11-23T13:28:04","modified_gmt":"2020-11-23T12:28:04","slug":"train-diversity-trainers","status":"publish","type":"page","link":"https:\/\/www.participation4-0.eu\/fr\/arbeitgeber\/train-diversity-trainers\/","title":{"rendered":"Train Diversity Trainers"},"content":{"rendered":"<section class=\"cs-section\"><div class=\"container\"><div class=\"row\"><div class=\"col-md-12\"><div class=\"cs-column-inner\"><div class=\"cs-column-text\"><p>Former et encadrer des travailleurs \u00e0 besoins sp\u00e9cifiques au quotidien constitue un facteur important afin de garantir un emploi durable. C\u2019est pourquoi nous proposons la formation \u00ab\u00a0Train Diversity Trainer\u00a0\u00bb.<\/p>\n<p>Cette formation s\u2019adresse aux cadres et aux formateurs. Les formateurs disposent d\u2019une grande exp\u00e9rience dans le management de la diversit\u00e9. La formation est constitu\u00e9e de plusieurs s\u00e9minaires qui s\u2019articulent autour d\u2019\u00e9tudes de cas concrets. Elle se base notamment sur l\u2019\u00e9change en petits groupes afin de mettre en pratique les solutions propos\u00e9es et les adapter en cas de besoin.<\/p>\n<p>Si vous \u00eates int\u00e9ress\u00e9(e), n\u2019h\u00e9sitez pas \u00e0 nous contacter.<\/p>\n<\/div><\/div><\/div><\/div><\/div><\/section><section class=\"cs-section text-center\"><div class=\"container\"><div class=\"row\"><div class=\"col-md-6\"><div class=\"cs-column-inner\">[vc_single_image image=\u00a0\u00bb4869&Prime; img_size=\u00a0\u00bb400&#215;200&Prime; alignment=\u00a0\u00bbcenter\u00a0\u00bb]<\/div><\/div><div class=\"col-md-6\"><div class=\"cs-column-inner\"><div class=\"cs-column-text\"><h3 style=\"text-align: left;\">Objectif et public cible:<\/h3>\n<\/div><ul class=\"cs-icon-list text-left\"><li text-left><i class=\"cs-in fa fa-check-square-o\" style=\"color:#1f428c;\"><\/i>Personnes encadrantes ou en formation <\/li><li><i class=\"cs-in fa fa-check-square-o\" style=\"color:#1f428c;\"><\/i>S&rsquo;entrainer \u00e0 travailler dans une \u00e9quipe diversifi\u00e9e<\/li><li><i class=\"cs-in fa fa-check-square-o\" style=\"color:#1f428c;\"><\/i>Renforcer les comp\u00e9tences en management<\/li><li><i class=\"cs-in fa fa-check-square-o\" style=\"color:#1f428c;\"><\/i>Gestion des conflits<\/li><\/ul><\/div><\/div><\/div><\/div><\/section><section class=\"cs-section text-center\" style=\" background-color: #f4f4f4;\"><div class=\"container\"><div class=\"row\"><div class=\"col-md-6\"><div class=\"cs-column-inner\">[vc_single_image image=\u00a0\u00bb4856&Prime; img_size=\u00a0\u00bb400&#215;200&Prime; alignment=\u00a0\u00bbcenter\u00a0\u00bb]<\/div><\/div><div class=\"col-md-6\"><div class=\"cs-column-inner\"><div class=\"cs-column-text\"><h3 style=\"text-align: left;\">M\u00e9thode et structure:<\/h3>\n<\/div><ul class=\"cs-icon-list text-left\"><li text-left><i class=\"cs-in fa fa-check-square-o\" style=\"color:#1f428c;\"><\/i>Animation avec des exercices interactifs<\/li><li><i class=\"cs-in fa fa-check-square-o\" style=\"color:#1f428c;\"><\/i>Echanges, de fa\u00e7on coll\u00e9giale, \u00e0 propos de cas concrets.<\/li><li><i class=\"cs-in fa fa-check-square-o\" style=\"color:#1f428c;\"><\/i>R\u00e9flexion\/\u00e9change avec des sp\u00e9cialistes exp\u00e9riment\u00e9s<\/li><li><i class=\"cs-in fa fa-check-square-o\" style=\"color:#1f428c;\"><\/i>Enseignement th\u00e9orique selon les besoins<\/li><\/ul><\/div><\/div><\/div><\/div><\/section><section class=\"cs-section text-center\"><div class=\"container\"><div class=\"row\"><div class=\"col-md-6\"><div class=\"cs-column-inner\">[vc_single_image image=\u00a0\u00bb4878&Prime; img_size=\u00a0\u00bb400&#215;200&Prime; alignment=\u00a0\u00bbcenter\u00a0\u00bb]<\/div><\/div><div class=\"col-md-6\"><div class=\"cs-column-inner\"><div class=\"cs-column-text\"><h3 style=\"text-align: left;\">Avantages pour les entreprises:<\/h3>\n<\/div><ul class=\"cs-icon-list text-left\"><li text-left><i class=\"cs-in fa fa-check-square-o\" style=\"color:#1f428c;\"><\/i>Avoir un interlocuteur privil\u00e9gi\u00e9 pour toute question<\/li><li><i class=\"cs-in fa fa-check-square-o\" style=\"color:#1f428c;\"><\/i>Support compl\u00e9mentaire pour le personnel encadrant<\/li><li><i class=\"cs-in fa fa-check-square-o\" style=\"color:#1f428c;\"><\/i>Am\u00e9lioration de l&rsquo;atmosph\u00e8re de travail<\/li><li><i class=\"cs-in fa fa-check-square-o\" style=\"color:#1f428c;\"><\/i>Engagement social et image<\/li><\/ul><\/div><\/div><\/div><\/div><\/section>\n","protected":false},"excerpt":{"rendered":"<p><span class=\"entry-read-more\"><a href=\"https:\/\/www.participation4-0.eu\/fr\/arbeitgeber\/train-diversity-trainers\/\" class=\"cs-btn cs-btn-flat cs-btn-rounded cs-btn-xxs cs-btn-flat-accent\">Lire la suite<\/a><\/span><\/p>\n","protected":false},"author":1,"featured_media":0,"parent":5332,"menu_order":8,"comment_status":"open","ping_status":"open","template":"","meta":{"footnotes":""},"class_list":["post-5339","page","type-page","status-publish","hentry"],"_links":{"self":[{"href":"https:\/\/www.participation4-0.eu\/fr\/wp-json\/wp\/v2\/pages\/5339","targetHints":{"allow":["GET"]}}],"collection":[{"href":"https:\/\/www.participation4-0.eu\/fr\/wp-json\/wp\/v2\/pages"}],"about":[{"href":"https:\/\/www.participation4-0.eu\/fr\/wp-json\/wp\/v2\/types\/page"}],"author":[{"embeddable":true,"href":"https:\/\/www.participation4-0.eu\/fr\/wp-json\/wp\/v2\/users\/1"}],"replies":[{"embeddable":true,"href":"https:\/\/www.participation4-0.eu\/fr\/wp-json\/wp\/v2\/comments?post=5339"}],"version-history":[{"count":35,"href":"https:\/\/www.participation4-0.eu\/fr\/wp-json\/wp\/v2\/pages\/5339\/revisions"}],"predecessor-version":[{"id":6410,"href":"https:\/\/www.participation4-0.eu\/fr\/wp-json\/wp\/v2\/pages\/5339\/revisions\/6410"}],"up":[{"embeddable":true,"href":"https:\/\/www.participation4-0.eu\/fr\/wp-json\/wp\/v2\/pages\/5332"}],"wp:attachment":[{"href":"https:\/\/www.participation4-0.eu\/fr\/wp-json\/wp\/v2\/media?parent=5339"}],"curies":[{"name":"wp","href":"https:\/\/api.w.org\/{rel}","templated":true}]}}